{"id":7225,"date":"2024-06-04T12:54:59","date_gmt":"2024-06-04T10:54:59","guid":{"rendered":"https:\/\/gr1993records.com\/?page_id=7225"},"modified":"2026-04-01T11:01:50","modified_gmt":"2026-04-01T09:01:50","slug":"babindak-juhasz-papesch-pettik-kvartett","status":"publish","type":"page","link":"https:\/\/gr1993records.com\/babindak-juhasz-papesch-pettik-kvartett\/","title":{"rendered":"Babind\u00e1k, Juh\u00e1sz, Papesch, Pettik Kvartett"},"content":{"rendered":"<p>[vc_row][vc_column][vc_custom_heading title_font_size=&#8221;fs36&#8243; source=&#8221;post_title&#8221; use_theme_fonts=&#8221;yes&#8221; el_class=&#8221;mb60 mb30-md&#8221;][\/vc_column][\/vc_row][vc_row][vc_column width=&#8221;1\/2&#8243;][vc_column_text]Babind\u00e1k-Juh\u00e1sz-Papesch-Pettik nev\u0171 form\u00e1ci\u00f3 friss sz\u00edn a jazz-vil\u00e1gzene palett\u00e1j\u00e1n. E m\u0171fajok ismer\u0151inek nem kell bemutatni a zenekar tagjait, mindannyian meghat\u00e1roz\u00f3 arcok. Akik esetleg nem hallottak m\u00e9g r\u00f3luk, azoknak csak annyit, hogy val\u00f3sz\u00edn\u0171leg nem t\u00falz\u00e1s ez esetben az elcs\u00e9pelt \u00e1mde tal\u00e1l\u00f3 \u201esupergroup\u201dkifejez\u00e9st haszn\u00e1lni.<\/p>\n<p>Elk\u00e9peszt\u0151 \u00e9s virtu\u00f3z improviz\u00e1ci\u00f3kkal, \u00e1tsz\u0151tt barangol\u00e1s a k\u00e9t m\u0171faj hat\u00e1r\u00e1n.<\/p>\n<p><strong>Babind\u00e1k Istv\u00e1n<\/strong> &#8211;\u00a0klarin\u00e9t, szaxofon<\/p>\n<p><strong>Juh\u00e1sz G\u00e1bor<\/strong> &#8211; git\u00e1r<\/p>\n<p><strong>Papesch P\u00e9ter<\/strong> &#8211; basszusgit\u00e1r<\/p>\n<p><strong>Pettik \u00c1d\u00e1m<\/strong> &#8211; peckdrum 2.0<\/p>\n<p>A Peckdrum egy speci\u00e1lis \u00fct\u0151hangszerk\u00e9szlet egyetlen hangszerbe \u00e1lmodva, melyen k\u00e9zzel \u00e9s\/vagy s\u00f6pr\u0171vel lehet j\u00e1tszani egyszerre cajun, framedrum, vagy tapan de a ped\u00e1ljai \u00e9s cint\u00e1ny\u00e9rjai seg\u00edts\u00e9g\u00e9vel ak\u00e1r dobfelszerel\u00e9sk\u00e9nt is meg\u00e1llja a hely\u00e9t. Szokatlan hangk\u00e9szlet\u00e9vel eg\u00e9szen k\u00fcl\u00f6nleges atmoszf\u00e9r\u00e1t teremt amiben \u00f6tletd\u00fas vid\u00e1m lubickol\u00e1s zajlik, persze a t\u00e1rsulat tagjai, szerz\u0151i v\u00e9n\u00e1jukat sem hagyj\u00e1k kihaszn\u00e1latlanul.[\/vc_column_text][\/vc_column][vc_column width=&#8221;1\/2&#8243;][vc_single_image image=&#8221;7215&#8243; img_size=&#8221;large&#8221;][\/vc_column][\/vc_row][vc_row][vc_column][vc_single_image image=&#8221;7216&#8243; img_size=&#8221;full&#8221; alignment=&#8221;center&#8221;][\/vc_column][\/vc_row][vc_row][vc_column][vc_separator][vc_empty_space][vc_custom_heading title_font_size=&#8221;fs36&#8243; text=&#8221;El\u0151ad\u00f3hoz kapcsol\u00f3d\u00f3 kiadv\u00e1nyok&#8221; use_theme_fonts=&#8221;yes&#8221; el_class=&#8221;mb60 mb30-md&#8221;][vc_basic_grid post_type=&#8221;product&#8221; max_items=&#8221;-1&#8243; element_width=&#8221;3&#8243; item=&#8221;5015&#8243; grid_id=&#8221;vc_gid:1775034051036-bb4c23e7-aa49-8&#8243; taxonomies=&#8221;542&#8243;][\/vc_column][\/vc_row]<\/p>","protected":false},"excerpt":{"rendered":"<p>[vc_row][vc_column][vc_custom_heading title_font_size=&#8221;fs36&#8243; source=&#8221;post_title&#8221; use_theme_fonts=&#8221;yes&#8221; el_class=&#8221;mb60 mb30-md&#8221;][\/vc_column][\/vc_row][vc_row][vc_column width=&#8221;1\/2&#8243;][vc_column_text]Babind\u00e1k-Juh\u00e1sz-Papesch-Pettik nev\u0171 form\u00e1ci\u00f3 friss sz\u00edn a jazz-vil\u00e1gzene palett\u00e1j\u00e1n. E m\u0171fajok ismer\u0151inek nem kell bemutatni a zenekar tagjait, mindannyian meghat\u00e1roz\u00f3 arcok. Akik esetleg nem hallottak m\u00e9g r\u00f3luk, azoknak csak annyit, hogy val\u00f3sz\u00edn\u0171leg nem t\u00falz\u00e1s ez esetben az elcs\u00e9pelt \u00e1mde tal\u00e1l\u00f3 \u201esupergroup\u201dkifejez\u00e9st haszn\u00e1lni. Elk\u00e9peszt\u0151 \u00e9s virtu\u00f3z improviz\u00e1ci\u00f3kkal, \u00e1tsz\u0151tt barangol\u00e1s a k\u00e9t [&hellip;]<\/p>\n","protected":false},"author":1,"featured_media":7214,"parent":0,"menu_order":0,"comment_status":"closed","ping_status":"closed","template":"","meta":{"footnotes":""},"categories":[128],"tags":[],"class_list":["post-7225","page","type-page","status-publish","has-post-thumbnail","hentry","category-artists"],"yoast_head":"<!-- This site is optimized with the Yoast SEO plugin v27.4 - https:\/\/yoast.com\/product\/yoast-seo-wordpress\/ -->\n<title>Babind\u00e1k, Juh\u00e1sz, Papesch, Pettik Kvartett &#8211; GR1993 Records<\/title>\n<meta name=\"robots\" content=\"index, follow, max-snippet:-1, max-image-preview:large, max-video-preview:-1\" \/>\n<link rel=\"canonical\" href=\"https:\/\/gr1993records.com\/babindak-juhasz-papesch-pettik-kvartett\/?lang=en\" \/>\n<meta property=\"og:locale\" content=\"hu_HU\" \/>\n<meta property=\"og:type\" content=\"article\" \/>\n<meta property=\"og:title\" content=\"Babind\u00e1k, Juh\u00e1sz, Papesch, Pettik Kvartett &#8211; GR1993 Records\" \/>\n<meta property=\"og:description\" content=\"[vc_row][vc_column][vc_custom_heading title_font_size=&#8221;fs36&#8243; source=&#8221;post_title&#8221; use_theme_fonts=&#8221;yes&#8221; el_class=&#8221;mb60 mb30-md&#8221;][\/vc_column][\/vc_row][vc_row][vc_column width=&#8221;1\/2&#8243;][vc_column_text]Babind\u00e1k-Juh\u00e1sz-Papesch-Pettik nev\u0171 form\u00e1ci\u00f3 friss sz\u00edn a jazz-vil\u00e1gzene palett\u00e1j\u00e1n. E m\u0171fajok ismer\u0151inek nem kell bemutatni a zenekar tagjait, mindannyian meghat\u00e1roz\u00f3 arcok. Akik esetleg nem hallottak m\u00e9g r\u00f3luk, azoknak csak annyit, hogy val\u00f3sz\u00edn\u0171leg nem t\u00falz\u00e1s ez esetben az elcs\u00e9pelt \u00e1mde tal\u00e1l\u00f3 \u201esupergroup\u201dkifejez\u00e9st haszn\u00e1lni. Elk\u00e9peszt\u0151 \u00e9s virtu\u00f3z improviz\u00e1ci\u00f3kkal, \u00e1tsz\u0151tt barangol\u00e1s a k\u00e9t [&hellip;]\" \/>\n<meta property=\"og:url\" content=\"https:\/\/gr1993records.com\/babindak-juhasz-papesch-pettik-kvartett\/?lang=en\" \/>\n<meta property=\"og:site_name\" content=\"GR1993 Records\" \/>\n<meta property=\"article:publisher\" content=\"https:\/\/www.facebook.com\/GR1993Records-113564886691383\/\" \/>\n<meta property=\"article:modified_time\" content=\"2026-04-01T09:01:50+00:00\" \/>\n<meta property=\"og:image\" content=\"https:\/\/gr1993records.com\/wp-content\/uploads\/2024\/06\/BJPP_foto_06.jpeg\" \/>\n\t<meta property=\"og:image:width\" content=\"1280\" \/>\n\t<meta property=\"og:image:height\" content=\"960\" \/>\n\t<meta property=\"og:image:type\" content=\"image\/jpeg\" \/>\n<meta name=\"twitter:card\" content=\"summary_large_image\" \/>\n<meta name=\"twitter:image\" content=\"https:\/\/gr1993records.com\/wp-content\/uploads\/2024\/06\/BJPP_foto_06.jpeg\" \/>\n<meta name=\"twitter:label1\" content=\"Becs\u00fclt olvas\u00e1si id\u0151\" \/>\n\t<meta name=\"twitter:data1\" content=\"1 perc\" \/>\n<script type=\"application\/ld+json\" class=\"yoast-schema-graph\">{\"@context\":\"https:\\\/\\\/schema.org\",\"@graph\":[{\"@type\":\"WebPage\",\"@id\":\"https:\\\/\\\/gr1993records.com\\\/babindak-juhasz-papesch-pettik-kvartett\\\/?lang=en\",\"url\":\"https:\\\/\\\/gr1993records.com\\\/babindak-juhasz-papesch-pettik-kvartett\\\/?lang=en\",\"name\":\"Babind\u00e1k, Juh\u00e1sz, Papesch, Pettik Kvartett &#8211; GR1993 Records\",\"isPartOf\":{\"@id\":\"https:\\\/\\\/gr1993records.com\\\/#website\"},\"primaryImageOfPage\":{\"@id\":\"https:\\\/\\\/gr1993records.com\\\/babindak-juhasz-papesch-pettik-kvartett\\\/?lang=en#primaryimage\"},\"image\":{\"@id\":\"https:\\\/\\\/gr1993records.com\\\/babindak-juhasz-papesch-pettik-kvartett\\\/?lang=en#primaryimage\"},\"thumbnailUrl\":\"https:\\\/\\\/gr1993records.com\\\/wp-content\\\/uploads\\\/2024\\\/06\\\/BJPP_foto_06b.jpg\",\"datePublished\":\"2024-06-04T10:54:59+00:00\",\"dateModified\":\"2026-04-01T09:01:50+00:00\",\"breadcrumb\":{\"@id\":\"https:\\\/\\\/gr1993records.com\\\/babindak-juhasz-papesch-pettik-kvartett\\\/?lang=en#breadcrumb\"},\"inLanguage\":\"hu\",\"potentialAction\":[{\"@type\":\"ReadAction\",\"target\":[\"https:\\\/\\\/gr1993records.com\\\/babindak-juhasz-papesch-pettik-kvartett\\\/?lang=en\"]}]},{\"@type\":\"ImageObject\",\"inLanguage\":\"hu\",\"@id\":\"https:\\\/\\\/gr1993records.com\\\/babindak-juhasz-papesch-pettik-kvartett\\\/?lang=en#primaryimage\",\"url\":\"https:\\\/\\\/gr1993records.com\\\/wp-content\\\/uploads\\\/2024\\\/06\\\/BJPP_foto_06b.jpg\",\"contentUrl\":\"https:\\\/\\\/gr1993records.com\\\/wp-content\\\/uploads\\\/2024\\\/06\\\/BJPP_foto_06b.jpg\",\"width\":1062,\"height\":1062},{\"@type\":\"BreadcrumbList\",\"@id\":\"https:\\\/\\\/gr1993records.com\\\/babindak-juhasz-papesch-pettik-kvartett\\\/?lang=en#breadcrumb\",\"itemListElement\":[{\"@type\":\"ListItem\",\"position\":1,\"name\":\"Home\",\"item\":\"https:\\\/\\\/gr1993records.com\\\/?lang=en\"},{\"@type\":\"ListItem\",\"position\":2,\"name\":\"Babind\u00e1k, Juh\u00e1sz, Papesch, Pettik Kvartett\"}]},{\"@type\":\"WebSite\",\"@id\":\"https:\\\/\\\/gr1993records.com\\\/#website\",\"url\":\"https:\\\/\\\/gr1993records.com\\\/\",\"name\":\"GR1993 Records\",\"description\":\"\",\"publisher\":{\"@id\":\"https:\\\/\\\/gr1993records.com\\\/#organization\"},\"potentialAction\":[{\"@type\":\"SearchAction\",\"target\":{\"@type\":\"EntryPoint\",\"urlTemplate\":\"https:\\\/\\\/gr1993records.com\\\/?s={search_term_string}\"},\"query-input\":{\"@type\":\"PropertyValueSpecification\",\"valueRequired\":true,\"valueName\":\"search_term_string\"}}],\"inLanguage\":\"hu\"},{\"@type\":\"Organization\",\"@id\":\"https:\\\/\\\/gr1993records.com\\\/#organization\",\"name\":\"Gramy-H Ltd.\",\"url\":\"https:\\\/\\\/gr1993records.com\\\/\",\"logo\":{\"@type\":\"ImageObject\",\"inLanguage\":\"hu\",\"@id\":\"https:\\\/\\\/gr1993records.com\\\/#\\\/schema\\\/logo\\\/image\\\/\",\"url\":\"https:\\\/\\\/gr1993records.com\\\/wp-content\\\/uploads\\\/2019\\\/08\\\/GR1993_Records_logo_CC.png\",\"contentUrl\":\"https:\\\/\\\/gr1993records.com\\\/wp-content\\\/uploads\\\/2019\\\/08\\\/GR1993_Records_logo_CC.png\",\"width\":2900,\"height\":2001,\"caption\":\"Gramy-H Ltd.\"},\"image\":{\"@id\":\"https:\\\/\\\/gr1993records.com\\\/#\\\/schema\\\/logo\\\/image\\\/\"},\"sameAs\":[\"https:\\\/\\\/www.facebook.com\\\/GR1993Records-113564886691383\\\/\"]}]}<\/script>\n<!-- \/ Yoast SEO plugin. -->","yoast_head_json":{"title":"Babind\u00e1k, Juh\u00e1sz, Papesch, Pettik Kvartett &#8211; GR1993 Records","robots":{"index":"index","follow":"follow","max-snippet":"max-snippet:-1","max-image-preview":"max-image-preview:large","max-video-preview":"max-video-preview:-1"},"canonical":"https:\/\/gr1993records.com\/babindak-juhasz-papesch-pettik-kvartett\/?lang=en","og_locale":"hu_HU","og_type":"article","og_title":"Babind\u00e1k, Juh\u00e1sz, Papesch, Pettik Kvartett &#8211; GR1993 Records","og_description":"[vc_row][vc_column][vc_custom_heading title_font_size=&#8221;fs36&#8243; source=&#8221;post_title&#8221; use_theme_fonts=&#8221;yes&#8221; el_class=&#8221;mb60 mb30-md&#8221;][\/vc_column][\/vc_row][vc_row][vc_column width=&#8221;1\/2&#8243;][vc_column_text]Babind\u00e1k-Juh\u00e1sz-Papesch-Pettik nev\u0171 form\u00e1ci\u00f3 friss sz\u00edn a jazz-vil\u00e1gzene palett\u00e1j\u00e1n. E m\u0171fajok ismer\u0151inek nem kell bemutatni a zenekar tagjait, mindannyian meghat\u00e1roz\u00f3 arcok. Akik esetleg nem hallottak m\u00e9g r\u00f3luk, azoknak csak annyit, hogy val\u00f3sz\u00edn\u0171leg nem t\u00falz\u00e1s ez esetben az elcs\u00e9pelt \u00e1mde tal\u00e1l\u00f3 \u201esupergroup\u201dkifejez\u00e9st haszn\u00e1lni. Elk\u00e9peszt\u0151 \u00e9s virtu\u00f3z improviz\u00e1ci\u00f3kkal, \u00e1tsz\u0151tt barangol\u00e1s a k\u00e9t [&hellip;]","og_url":"https:\/\/gr1993records.com\/babindak-juhasz-papesch-pettik-kvartett\/?lang=en","og_site_name":"GR1993 Records","article_publisher":"https:\/\/www.facebook.com\/GR1993Records-113564886691383\/","article_modified_time":"2026-04-01T09:01:50+00:00","og_image":[{"width":1280,"height":960,"url":"https:\/\/gr1993records.com\/wp-content\/uploads\/2024\/06\/BJPP_foto_06.jpeg","type":"image\/jpeg"}],"twitter_card":"summary_large_image","twitter_image":"https:\/\/gr1993records.com\/wp-content\/uploads\/2024\/06\/BJPP_foto_06.jpeg","twitter_misc":{"Becs\u00fclt olvas\u00e1si id\u0151":"1 perc"},"schema":{"@context":"https:\/\/schema.org","@graph":[{"@type":"WebPage","@id":"https:\/\/gr1993records.com\/babindak-juhasz-papesch-pettik-kvartett\/?lang=en","url":"https:\/\/gr1993records.com\/babindak-juhasz-papesch-pettik-kvartett\/?lang=en","name":"Babind\u00e1k, Juh\u00e1sz, Papesch, Pettik Kvartett &#8211; GR1993 Records","isPartOf":{"@id":"https:\/\/gr1993records.com\/#website"},"primaryImageOfPage":{"@id":"https:\/\/gr1993records.com\/babindak-juhasz-papesch-pettik-kvartett\/?lang=en#primaryimage"},"image":{"@id":"https:\/\/gr1993records.com\/babindak-juhasz-papesch-pettik-kvartett\/?lang=en#primaryimage"},"thumbnailUrl":"https:\/\/gr1993records.com\/wp-content\/uploads\/2024\/06\/BJPP_foto_06b.jpg","datePublished":"2024-06-04T10:54:59+00:00","dateModified":"2026-04-01T09:01:50+00:00","breadcrumb":{"@id":"https:\/\/gr1993records.com\/babindak-juhasz-papesch-pettik-kvartett\/?lang=en#breadcrumb"},"inLanguage":"hu","potentialAction":[{"@type":"ReadAction","target":["https:\/\/gr1993records.com\/babindak-juhasz-papesch-pettik-kvartett\/?lang=en"]}]},{"@type":"ImageObject","inLanguage":"hu","@id":"https:\/\/gr1993records.com\/babindak-juhasz-papesch-pettik-kvartett\/?lang=en#primaryimage","url":"https:\/\/gr1993records.com\/wp-content\/uploads\/2024\/06\/BJPP_foto_06b.jpg","contentUrl":"https:\/\/gr1993records.com\/wp-content\/uploads\/2024\/06\/BJPP_foto_06b.jpg","width":1062,"height":1062},{"@type":"BreadcrumbList","@id":"https:\/\/gr1993records.com\/babindak-juhasz-papesch-pettik-kvartett\/?lang=en#breadcrumb","itemListElement":[{"@type":"ListItem","position":1,"name":"Home","item":"https:\/\/gr1993records.com\/?lang=en"},{"@type":"ListItem","position":2,"name":"Babind\u00e1k, Juh\u00e1sz, Papesch, Pettik Kvartett"}]},{"@type":"WebSite","@id":"https:\/\/gr1993records.com\/#website","url":"https:\/\/gr1993records.com\/","name":"GR1993 Records","description":"","publisher":{"@id":"https:\/\/gr1993records.com\/#organization"},"potentialAction":[{"@type":"SearchAction","target":{"@type":"EntryPoint","urlTemplate":"https:\/\/gr1993records.com\/?s={search_term_string}"},"query-input":{"@type":"PropertyValueSpecification","valueRequired":true,"valueName":"search_term_string"}}],"inLanguage":"hu"},{"@type":"Organization","@id":"https:\/\/gr1993records.com\/#organization","name":"Gramy-H Ltd.","url":"https:\/\/gr1993records.com\/","logo":{"@type":"ImageObject","inLanguage":"hu","@id":"https:\/\/gr1993records.com\/#\/schema\/logo\/image\/","url":"https:\/\/gr1993records.com\/wp-content\/uploads\/2019\/08\/GR1993_Records_logo_CC.png","contentUrl":"https:\/\/gr1993records.com\/wp-content\/uploads\/2019\/08\/GR1993_Records_logo_CC.png","width":2900,"height":2001,"caption":"Gramy-H Ltd."},"image":{"@id":"https:\/\/gr1993records.com\/#\/schema\/logo\/image\/"},"sameAs":["https:\/\/www.facebook.com\/GR1993Records-113564886691383\/"]}]}},"jetpack_sharing_enabled":true,"_links":{"self":[{"href":"https:\/\/gr1993records.com\/wp-json\/wp\/v2\/pages\/7225","targetHints":{"allow":["GET"]}}],"collection":[{"href":"https:\/\/gr1993records.com\/wp-json\/wp\/v2\/pages"}],"about":[{"href":"https:\/\/gr1993records.com\/wp-json\/wp\/v2\/types\/page"}],"author":[{"embeddable":true,"href":"https:\/\/gr1993records.com\/wp-json\/wp\/v2\/users\/1"}],"replies":[{"embeddable":true,"href":"https:\/\/gr1993records.com\/wp-json\/wp\/v2\/comments?post=7225"}],"version-history":[{"count":5,"href":"https:\/\/gr1993records.com\/wp-json\/wp\/v2\/pages\/7225\/revisions"}],"predecessor-version":[{"id":7856,"href":"https:\/\/gr1993records.com\/wp-json\/wp\/v2\/pages\/7225\/revisions\/7856"}],"wp:featuredmedia":[{"embeddable":true,"href":"https:\/\/gr1993records.com\/wp-json\/wp\/v2\/media\/7214"}],"wp:attachment":[{"href":"https:\/\/gr1993records.com\/wp-json\/wp\/v2\/media?parent=7225"}],"wp:term":[{"taxonomy":"category","embeddable":true,"href":"https:\/\/gr1993records.com\/wp-json\/wp\/v2\/categories?post=7225"},{"taxonomy":"post_tag","embeddable":true,"href":"https:\/\/gr1993records.com\/wp-json\/wp\/v2\/tags?post=7225"}],"curies":[{"name":"wp","href":"https:\/\/api.w.org\/{rel}","templated":true}]}}